{"id":22856,"date":"2024-06-11T23:14:48","date_gmt":"2024-06-11T20:14:48","guid":{"rendered":"http:\/\/canercelebi.com\/ProAsist\/?page_id=22856"},"modified":"2025-07-15T02:45:44","modified_gmt":"2025-07-14T23:45:44","slug":"kvkk","status":"publish","type":"page","link":"https:\/\/proasist.com.tr\/?page_id=22856","title":{"rendered":"KVK Kanunu"},"content":{"rendered":"<section class=\"wpb-content-wrapper\"><section data-vc-full-width=\"true\" data-vc-full-width-init=\"false\" data-vc-stretch-content=\"true\" data-parallax-background-ratio=\"0.5\" class=\"vc_row wpb_row vc_row-fluid  vc_custom_1730731762881 vc_row-has-fill pofo-stretch-content parallax pofo-row-responsive-69f35f35dcc88\"><div class=\"bg-extra-dark-gray bg-overlay\" style=\"opacity:0.7; background-color:rgba(0,0,0,0.47); \"><\/div><div class=\"wpb_column vc_column_container full-screen vc_col-sm-12 vc_col-lg-12 vc_col-md-7 vc_hidden-sm col-xs-mobile-fullwidth text-center\"><div class=\"vc_column-inner \"><div class=\"wpb_wrapper\"><h6 class=\"text-extra-dark-gray margin-20px-bottom font-weight-600 display-inline-block alt-font dynamic-font-size text-none heading-style2  vc_custom_1718136870344 pofo-button-responsive-69f35f35dce56  heading-1\"  style=\"font-weight: 400; font-style: italic; color: #ffffff;\">KVKK<\/h6>[vc_empty_space height=&#8221;5px&#8221;]<h1 class=\"text-extra-dark-gray margin-20px-bottom font-weight-600 display-inline-block alt-font dynamic-font-size text-none heading-style2 pofo-button-responsive-69f35f35dceb4  heading-2\"  style=\"font-weight: 700; color: #ffffff;\">Ki\u015fisel Verilerin Korunmas\u0131 Kanunu<\/h1><\/div><\/div><\/div><\/section><div class=\"vc_row-full-width vc_clearfix\"><\/div><section id=\"aydinlatma\" class=\"vc_row wpb_row vc_row-fluid  vc_custom_1752451039504 vc_row-has-fill\"><div class=\"wpb_column vc_column_container vc_col-sm-4  col-xs-mobile-fullwidth\"><div class=\"vc_column-inner \"><div class=\"wpb_wrapper\"><\/div><\/div><\/div><div id=\"aydinlatmametni\" class=\"wpb_column vc_column_container vc_col-sm-4  col-xs-mobile-fullwidth\"><div class=\"vc_column-inner \"><div class=\"wpb_wrapper\"><div class=\"last-paragraph-no-margin\"><p class=\"text-white\"><strong>PROAS\u0130ST TEKN\u0130K H\u0130ZMETLER A.\u015e.<\/strong><\/p>\n<p class=\"alt-font text-white\"><strong>K\u0130\u015e\u0130SEL VER\u0130LER\u0130N \u0130\u015eLENMES\u0130 AYDINLATMA METN\u0130<\/strong><br \/>\n<strong>ProAsist Teknik Hizmetler A.\u015e. olarak ki\u015fisel verilerinizin g\u00fcvenli\u011fi hususuna azami hassasiyet g\u00f6stermekteyiz. Bu bilin\u00e7le, \u015eirket olarak,her t\u00fcrl\u00fc ki\u015fisel verilerin 6698 say\u0131l\u0131 Ki\u015fisel Verilerin Korunmas\u0131 Kanunu (\u201cKVK Kanunu\u201d)\u2019na uygun olarak i\u015flenerek, muhafaza edilmesine b\u00fcy\u00fck \u00f6nem atfetmekteyiz. Bu sorumlulu\u011fumuzun tam idraki ile KVK Kanunu kapsam\u0131nda tan\u0131ml\u0131 \u201cVeri Sorumlusu\u201d s\u0131fat\u0131yla, ki\u015fisel verilerinizi a\u015fa\u011f\u0131da izah edildi\u011fi surette ve mevzuat taraf\u0131ndan emredilen s\u0131n\u0131rlar \u00e7er\u00e7evesinde i\u015flemekteyiz.<\/strong><\/p>\n<p>&nbsp;<\/p>\n<p class=\"alt-font text-white\">a. Ki\u015fisel Verilerin Toplanmas\u0131, \u0130\u015flenmesi ve \u0130\u015fleme Ama\u00e7lar\u0131<br \/>\n<strong>Ki\u015fisel verileriniz, otomatik ya da otomatik olmayan y\u00f6ntemlerle, \u015eirket birimleri ofisler, internet sitesi, sosyal medya mecralar\u0131, mobil uygulamalar ve benzeri vas\u0131talarla s\u00f6zl\u00fc, yaz\u0131l\u0131 ya da elektronik olarak toplanabilecektir. Ki\u015fisel verileriniz, \u015eirket ile i\u015f s\u00f6zle\u015fmesi kurulmas\u0131 amac\u0131yla yap\u0131lan g\u00f6r\u00fc\u015fmeler, i\u015f s\u00f6zle\u015fmesinin kurulmas\u0131, i\u015f s\u00f6zle\u015fmesinin devam\u0131 ile i\u015f s\u00f6zle\u015fmesinin sona ermesinin ard\u0131ndan \u0130\u015f Kanunu\u2019nda \u00f6ng\u00f6r\u00fclm\u00fc\u015f olan zamana\u015f\u0131m\u0131 s\u00fcreleri ile di\u011fer mevzuatta \u00f6ng\u00f6r\u00fclen s\u00fcreler boyunca i\u015flenebilecek ve saklanabilecektir. Toplanan ki\u015fisel verileriniz, \u015eirket taraf\u0131ndan \u015eirkete yapm\u0131\u015f oldu\u011funuz i\u015f ba\u015fvurusunun ve i\u015f s\u00f6zle\u015fmesinin kurulup kurulmayaca\u011f\u0131 ile hangi \u015fartlarda i\u015f s\u00f6zle\u015fmesinin kurulaca\u011f\u0131n\u0131n de\u011ferlendirilmesi ile i\u015f s\u00f6zle\u015fmesi ili\u015fkisi i\u00e7erisinde taraflar\u0131n edimlerini yerine getirmeleri i\u00e7in uygun zeminin sa\u011flanmas\u0131, i\u015f ve i\u015f\u00e7i g\u00fcvenli\u011finin sa\u011flanmas\u0131, \u00f6denmesi gereken vergiler ile di\u011fer \u00f6demelerin yap\u0131labilmesi, i\u015fyeri g\u00fcvenli\u011finin, \u00e7al\u0131\u015fma d\u00fczeni ve disiplinin sa\u011flanmas\u0131 amac\u0131yla, \u015eirketin ve \u015eirketle i\u015f ili\u015fkisi i\u00e7erisinde olan ki\u015filerin hukuki ve ticari g\u00fcvenli\u011finin temini (\u015eirket taraf\u0131ndan y\u00fcr\u00fct\u00fclen ileti\u015fime y\u00f6nelik idari operasyonlar, \u015eirkete ait lokasyonlar\u0131n fiziksel g\u00fcvenli\u011fini ve denetimini sa\u011flamak, hukuki uyum s\u00fcreci, mali i\u015fler v.b.), \u015eirketin stratejilerinin belirlenmesi ve uygulanmas\u0131 ve \u015eirketin insan kaynaklar\u0131 politikalar\u0131n\u0131n y\u00fcr\u00fct\u00fclmesinin temini ama\u00e7lar\u0131yla KVK Kanunu\u2019nun 5. ve 6. maddelerinde belirtilen ki\u015fisel veri i\u015fleme \u015fartlar\u0131 ve ama\u00e7lar\u0131 d\u00e2hilinde ve mevzuatta \u00f6ng\u00f6r\u00fclen di\u011fer sebeplerle i\u015flenecektir.<\/strong><br \/>\n<strong>b. \u0130\u015flenen Ki\u015fisel Verilerin Kimlere ve Hangi Ama\u00e7la Aktar\u0131labilece\u011fi<\/strong><br \/>\n<strong>Toplanan ki\u015fisel verileriniz, \u015eirket taraf\u0131ndan \u015eirkete yapm\u0131\u015f oldu\u011funuz i\u015f ba\u015fvurusunun ve i\u015f s\u00f6zle\u015fmesinin kurulup kurulmayaca\u011f\u0131 ile hangi \u015fartlarda i\u015f s\u00f6zle\u015fmesinin kurulaca\u011f\u0131n\u0131n de\u011ferlendirilmesi ile i\u015f s\u00f6zle\u015fmesi ili\u015fkisi i\u00e7erisinde taraflar\u0131n edimlerini yerine getirmeleri i\u00e7in uygun zeminin sa\u011flanmas\u0131, i\u015f ve i\u015f\u00e7i g\u00fcvenli\u011finin sa\u011flanmas\u0131, \u00f6denmesi gereken vergiler ile di\u011fer \u00f6demelerin yap\u0131labilmesi, i\u015fyeri g\u00fcvenli\u011finin, \u00e7al\u0131\u015fma d\u00fczeni ve disiplinin sa\u011flanmas\u0131 amac\u0131yla, \u015eirketin ve \u015eirketle i\u015f ili\u015fkisi i\u00e7erisinde olan ki\u015filerin hukuki ve ticari g\u00fcvenli\u011finin temini (\u015eirket taraf\u0131ndan y\u00fcr\u00fct\u00fclen ileti\u015fime y\u00f6nelik idari operasyonlar, \u015eirkete ait lokasyonlar\u0131n fiziksel g\u00fcvenli\u011fini ve denetimini sa\u011flamak, hukuki uyum s\u00fcreci, mali i\u015fler v.b.), \u015eirketin stratejilerinin belirlenmesi ve uygulanmas\u0131 ve \u015eirketin insan kaynaklar\u0131 politikalar\u0131n\u0131n y\u00fcr\u00fct\u00fclmesinin temini ama\u00e7lar\u0131yla ve mevzuatta \u00f6ng\u00f6r\u00fclen di\u011fer sebeplerle i\u015f ortaklar\u0131m\u0131za, tedarik\u00e7ilerimize, grup \u015firketlerine, kanunen yetkili kamu kurumlar\u0131 ve \u00f6zel ki\u015filere, KVK Kanunu\u2019nun 8. ve 9. maddelerinde belirtilen ki\u015fisel veri aktarma \u015fartlar\u0131 ve ama\u00e7lar\u0131 \u00e7er\u00e7evesinde aktar\u0131labilecektir.<\/strong><br \/>\n<strong>c. Ki\u015fisel Veri Toplaman\u0131n Y\u00f6ntemi ve Hukuki Sebebi<\/strong><br \/>\n<strong>Ki\u015fisel verileriniz, her t\u00fcrl\u00fc s\u00f6zl\u00fc, yaz\u0131l\u0131 ya da elektronik ortamda, yukar\u0131da yer verilen ama\u00e7lar do\u011frultusunda i\u015f s\u00f6zle\u015fmesinin sa\u011fl\u0131kl\u0131 bir \u015fekilde kurulabilmesi ve i\u015f s\u00f6zle\u015fmesinin kurulmas\u0131 durumunda kar\u015f\u0131l\u0131kl\u0131 edimlerin ifa edilebilmesi ve bu kapsamda \u015eirketin s\u00f6zle\u015fme ve yasadan do\u011fan mesuliyetlerini eksiksiz ve do\u011fru bir \u015fekilde yerine getirebilmesi gayesi ile edinilir. Bu hukuki sebeple toplanan ki\u015fisel verileriniz KVK Kanunu\u2019nun 5. ve 6. maddelerinde belirtilen ki\u015fisel veri i\u015fleme \u015fartlar\u0131 ve ama\u00e7lar\u0131 kapsam\u0131nda bu metnin (1) ve (2) numaral\u0131 maddelerinde belirtilen ama\u00e7larla da i\u015flenebilmekte ve aktar\u0131labilmektedir.<\/strong><br \/>\n<strong>d. <a href=\"https:\/\/www.proasist.com\/\">https:\/\/www.proasist.com\/<\/a> adresli \u0130nternet sitesine \u00fcye giri\u015fi yapmadan ziyaret etmeniz halinde, saya\u00e7(Google Analytics &#8211; <a href=\"https:\/\/analytics.google.com\/\">https:\/\/analytics.google.com\/<\/a>) ve \u00e7erezler arac\u0131l\u0131\u011f\u0131 ile trafik verisi, sayfa ziyaretleriniz, referans siteler, ziyaret zamanlar\u0131n\u0131z ve s\u00fcreleriniz, i\u015fletim sisteminiz, kulland\u0131\u011f\u0131n\u0131z cihaz ve taray\u0131c\u0131 bilgileriniz anonim olarak, ilgili ki\u015fi ile ili\u015fkilendirilmeden, \u0130nternet sitesinin yap\u0131s\u0131n\u0131n geli\u015ftirilmesi, genel istatistiki verilerin toplanmas\u0131 ve olas\u0131 m\u00fc\u015fteri davran\u0131\u015flar\u0131n\u0131 inceleyebilmek amac\u0131yla i\u015flenebilmektedir. \u0130nternet sitesinin \u00fcye giri\u015fi yap\u0131lmadan ziyaret, ilgili bilgilerin toplanmas\u0131na r\u0131za g\u00f6sterdi\u011finiz anlam\u0131na gelmektedir.<\/strong><\/p>\n<p class=\"alt-font text-white\"><strong>e. Ki\u015fisel Veri Sahibinin KVK Kanunu\u2019nda Say\u0131lan Haklar\u0131<\/strong><br \/>\n<strong>Ki\u015fisel veri sahipleri olarak, haklar\u0131n\u0131za ili\u015fkin taleplerinizi, a\u015fa\u011f\u0131da d\u00fczenlenen y\u00f6ntemlerle \u015eirkete iletmeniz durumunda \u015eirket talebin niteli\u011fine g\u00f6re talebi en ge\u00e7 otuz g\u00fcn i\u00e7inde \u00fccretsiz olarak sonu\u00e7land\u0131racakt\u0131r. Ancak, Ki\u015fisel Verileri Koruma Kurulunca bir \u00fccret \u00f6ng\u00f6r\u00fclmesi halinde, \u015eirket taraf\u0131ndan belirlenen tarifedeki \u00fccret al\u0131nacakt\u0131r. Bu kapsamda ki\u015fisel veri sahipleri;<\/strong><\/p>\n<ul class=\"alt-font text-white\">\n<li><strong>Ki\u015fisel veri i\u015flenip i\u015flenmedi\u011fini \u00f6\u011frenme,<\/strong><\/li>\n<li><strong>Ki\u015fisel verileri i\u015flenmi\u015fse buna ili\u015fkin bilgi talep etme,<\/strong><\/li>\n<li><strong>Ki\u015fisel verilerin i\u015flenme amac\u0131n\u0131 ve bunlar\u0131n amac\u0131na uygun kullan\u0131l\u0131p kullan\u0131lmad\u0131\u011f\u0131n\u0131 \u00f6\u011frenme,<\/strong><\/li>\n<li><strong>Yurt i\u00e7inde veya yurt d\u0131\u015f\u0131nda ki\u015fisel verilerin aktar\u0131ld\u0131\u011f\u0131 \u00fc\u00e7\u00fcnc\u00fc ki\u015fileri bilme, \u2022 Ki\u015fisel verilerin eksik veya yanl\u0131\u015f i\u015flenmi\u015f olmas\u0131 h\u00e2linde bunlar\u0131n d\u00fczeltilmesini isteme ve bu kapsamda yap\u0131lan i\u015flemin ki\u015fisel verilerin aktar\u0131ld\u0131\u011f\u0131 \u00fc\u00e7\u00fcnc\u00fc ki\u015filere bildirilmesini isteme,<\/strong><\/li>\n<li><strong>KVK Kanunu\u2019nun ve ilgili di\u011fer kanun h\u00fck\u00fcmlerine uygun olarak i\u015flenmi\u015f olmas\u0131na ra\u011fmen, i\u015flenmesini gerektiren sebeplerin ortadan kalkmas\u0131 h\u00e2linde ki\u015fisel verilerin silinmesini veya yok edilmesini isteme ve bu kapsamda yap\u0131lan i\u015flemin ki\u015fisel verilerin aktar\u0131ld\u0131\u011f\u0131 \u00fc\u00e7\u00fcnc\u00fc ki\u015filere bildirilmesini isteme,<\/strong><\/li>\n<li><strong>\u0130\u015flenen verilerin m\u00fcnhas\u0131ran otomatik sistemler vas\u0131tas\u0131yla analiz edilmesi suretiyle ki\u015finin kendisi aleyhine bir sonucun ortaya \u00e7\u0131kmas\u0131na itiraz etme,<\/strong><\/li>\n<li><strong>Ki\u015fisel verilerin kanuna ayk\u0131r\u0131 olarak i\u015flenmesi sebebiyle zarara u\u011framas\u0131 h\u00e2linde zarar\u0131n giderilmesini talep etme haklar\u0131na sahiptir.<\/strong><\/li>\n<\/ul>\n<p class=\"alt-font text-white\"><strong>KVK Kanunu\u2019nun 13. maddesinin 1. f\u0131kras\u0131 gere\u011fince, yukar\u0131da belirtilen haklar\u0131n\u0131z\u0131 kullanmak ile ilgili talebinizi, yaz\u0131l\u0131 veya Ki\u015fisel Verileri Koruma Kurulu\u2019nun belirledi\u011fi di\u011fer y\u00f6ntemlerle \u015eirkete iletebilirsiniz. Ki\u015fisel Verileri Koruma Kurulu, \u015fu a\u015famada herhangi bir y\u00f6ntem belirlemedi\u011fi i\u00e7in, ba\u015fvurunuzu, KVK Kanunu gere\u011fince, yaz\u0131l\u0131 olarak \u015eirkete iletmeniz gerekmektedir. Bu \u00e7er\u00e7evede \u015eirkete KVK Kanunu\u2019nun 11. maddesi kapsam\u0131nda yapaca\u011f\u0131n\u0131z ba\u015fvurularda yaz\u0131l\u0131 olarak ba\u015fvurunuzu iletece\u011finiz kanallar ve usuller a\u015fa\u011f\u0131da a\u00e7\u0131klanmaktad\u0131r.<\/strong><br \/>\n<strong>Yukar\u0131da belirtilen haklar\u0131n\u0131z\u0131 kullanmak i\u00e7in kimli\u011finizi tespit edici gerekli bilgiler ile KVK Kanunu\u2019nun 11. maddesinde belirtilen haklardan kullanmay\u0131 talep etti\u011finiz hakk\u0131n\u0131za y\u00f6nelik a\u00e7\u0131klamalar\u0131n\u0131z\u0131 i\u00e7eren talebinizi;\u00a0Ki\u015fisel Verilerin Korunmas\u0131na \u0130li\u015fkin Ba\u015fvuru Formunu doldurarak, formun imzal\u0131 bir n\u00fcshas\u0131n\u0131 Sultan Selim Mah.. Yunus Emre Caddesi Top\u00e7u \u0130\u015fmerkezi No:1 Kat:4 D:10 4. Levent \/ Ka\u011f\u0131thane \/ \u0130stanbul\u00a0adresine kimli\u011finizi tespit edici belgeler ile bizzat elden iletebilir, noter kanal\u0131yla veya KVK Kanunu\u2019nda belirtilen di\u011fer y\u00f6ntemler ile g\u00f6nderebilir veya ilgili formu\u00a0<a href=\"mailto:info@proasist.com.tr\">info@proasist.com.tr<\/a>\u00a0adresine g\u00fcvenli elektronik imzal\u0131 olarak iletebilirsiniz.\u00a0Ba\u015fvurunuz talebin niteli\u011fine g\u00f6re en k\u0131sa s\u00fcrede ve en ge\u00e7 30 g\u00fcn i\u00e7erisinde sonu\u00e7land\u0131r\u0131lacakt\u0131r.<\/strong><\/p>\n<p><strong>\u00a0<\/strong><\/p>\n<div class=\"col_one_half nobottommargin\">\n<p class=\"text-white\" align=\"center\"><strong>K\u0130\u015e\u0130SEL VER\u0130LER\u0130N KORUNMASINA \u0130L\u0130\u015eK\u0130N BA\u015eVURU FORMU<\/strong><\/p>\n<p class=\"alt-font text-white\"><strong>GENEL A\u00c7IKLAMALAR<\/strong><\/p>\n<p class=\"alt-font text-white\"><strong>KVK Kanunu\u2019nun 13\u2019\u00fcnc\u00fc maddesinin birinci f\u0131kras\u0131 uyar\u0131nca; veri sorumlusu olan ProAsist Teknik Hizmetler A.\u015e. \u2019ye bu haklara ili\u015fkin olarak yap\u0131lacak ba\u015fvurular\u0131n yaz\u0131l\u0131 olarak veya Ki\u015fisel Verilerin Korunmas\u0131 Kurulu (\u201cKurul\u201d) taraf\u0131ndan belirlenen di\u011fer y\u00f6ntemlerle taraf\u0131m\u0131za iletilmesi gerekmektedir.<\/strong><\/p>\n<p class=\"alt-font text-white\"><strong>Bu \u00e7er\u00e7evede \u201cyaz\u0131l\u0131\u201d olarak \u015eirketimize yap\u0131lacak ba\u015fvurular, i\u015fbu formun \u00e7\u0131kt\u0131s\u0131 al\u0131narak; Ba\u015fvuru Sahibinin \u015fahsen ba\u015fvurusu ile, noter vas\u0131tas\u0131yla iletilebilecektir.<\/strong><\/p>\n<p class=\"alt-font text-white\"><strong>Di\u011fer yandan a\u015fa\u011f\u0131da belirtilen hallerin KVKK kapsam\u0131nda olmamas\u0131 sebebiyle bu konulara ili\u015fkin talep y\u00f6neltme hakk\u0131 do\u011fmayacakt\u0131r:<\/strong><\/p>\n<ul>\n<li>\n<p class=\"alt-font text-white\"><strong>a) Ki\u015fisel verilerin, \u00fc\u00e7\u00fcnc\u00fc ki\u015filere verilmemek ve veri g\u00fcvenli\u011fine ili\u015fkin y\u00fck\u00fcml\u00fcl\u00fcklere uyulmak kayd\u0131yla ger\u00e7ek ki\u015filer taraf\u0131ndan tamamen kendisiyle veya ayn\u0131 konutta ya\u015fayan aile fertleriyle ilgili faaliyetler kapsam\u0131nda i\u015flenmesi.<\/strong><\/p>\n<\/li>\n<li>\n<p class=\"alt-font text-white\"><strong>b) Ki\u015fisel verilerin resmi istatistik ile anonim h\u00e2le getirilmek suretiyle ara\u015ft\u0131rma, planlama ve istatistik gibi ama\u00e7larla i\u015flenmesi.<\/strong><\/p>\n<\/li>\n<li>\n<p class=\"alt-font text-white\"><strong>c) Ki\u015fisel verilerin mill\u00ee savunmay\u0131, mill\u00ee g\u00fcvenli\u011fi, kamu g\u00fcvenli\u011fini, kamu d\u00fczenini,ekonomik g\u00fcvenli\u011fi, \u00f6zel hayat\u0131n gizlili\u011fini veya ki\u015filik haklar\u0131n\u0131 ihlal etmemek ya da su\u00e7 te\u015fkil etmemek kayd\u0131yla, sanat, tarih, edebiyat veya bilimsel ama\u00e7larla ya da ifade \u00f6zg\u00fcrl\u00fc\u011f\u00fc kapsam\u0131nda i\u015flenmesi.<\/strong><\/p>\n<\/li>\n<li>\n<p class=\"alt-font text-white\"><strong>d) Ki\u015fisel verilerin mill\u00ee savunmay\u0131, mill\u00ee g\u00fcvenli\u011fi, kamu g\u00fcvenli\u011fini, kamu d\u00fczenini veya ekonomik g\u00fcvenli\u011fi sa\u011flamaya y\u00f6nelik olarak kanunla g\u00f6rev ve yetki verilmi\u015f kamu kurum ve kurulu\u015flar\u0131 taraf\u0131ndan y\u00fcr\u00fct\u00fclen \u00f6nleyici, koruyucu ve istihbari faaliyetler kapsam\u0131nda i\u015flenmesi.<\/strong><\/p>\n<\/li>\n<li>\n<p class=\"alt-font text-white\"><strong>e) Ki\u015fisel verilerin soru\u015fturma, kovu\u015fturma, yarg\u0131lama veya infaz i\u015flemlerine ili\u015fkin olarak yarg\u0131 makamlar\u0131 veya infaz mercileri taraf\u0131ndan i\u015flenmesi.<\/strong><\/p>\n<\/li>\n<\/ul>\n<p class=\"alt-font text-white\"><strong>A\u015fa\u011f\u0131daki durumlarda ise yaln\u0131zca olu\u015fan zarar\u0131n kar\u015f\u0131lanmas\u0131n\u0131 talep hakk\u0131 do\u011facakt\u0131r.<\/strong><\/p>\n<ul>\n<li>\n<p class=\"alt-font text-white\"><strong>a) Ki\u015fisel veri i\u015flemenin su\u00e7 i\u015flenmesinin \u00f6nlenmesi veya su\u00e7 soru\u015fturmas\u0131 i\u00e7in gerekli olmas\u0131.<\/strong><\/p>\n<\/li>\n<li>\n<p class=\"alt-font text-white\"><strong>b) \u0130lgili ki\u015finin kendisi taraf\u0131ndan alenile\u015ftirilmi\u015f ki\u015fisel verilerin i\u015flenmesi.<\/strong><\/p>\n<\/li>\n<\/ul>\n<p class=\"alt-font text-white\"><strong>6698 Say\u0131l\u0131 Ki\u015fisel Verilerin Korunmas\u0131 Kanunu Bilgi Talep Formu<\/strong><\/p>\n<ul>\n<li>\n<p class=\"alt-font text-white\"><strong>c) Ki\u015fisel veri i\u015flemenin kanunun verdi\u011fi yetkiye dayan\u0131larak g\u00f6revli ve yetkili kamu kurum ve kurulu\u015flar\u0131 ile kamu kurumu niteli\u011findeki meslek kurulu\u015flar\u0131nca, denetleme veya d\u00fczenleme g\u00f6revlerinin y\u00fcr\u00fct\u00fclmesi ile disiplin soru\u015fturma veya kovu\u015fturmas\u0131 i\u00e7in gerekli olmas\u0131.<\/strong><\/p>\n<\/li>\n<li>\n<p class=\"alt-font text-white\"><strong>d) Ki\u015fisel veri i\u015flemenin b\u00fct\u00e7e, vergi ve mali konulara ili\u015fkin olarak Devletin ekonomik ve mali \u00e7\u0131karlar\u0131n\u0131n korunmas\u0131 i\u00e7in gerekli olmas\u0131.<\/strong><\/p>\n<\/li>\n<\/ul>\n<p class=\"alt-font text-white\"><strong>A\u015fa\u011f\u0131da yer verilen tabloda ki\u015fisel verileriniz ile ilgili taleplerinizi \u015eirketimize ula\u015ft\u0131rabilece\u011finiz y\u00f6ntemlere ili\u015fkin yaz\u0131l\u0131 ve elektronik ortam ba\u015fvuru kanallar\u0131 hakk\u0131nda bilgilere yer verilmi\u015ftir. Taraf\u0131m\u0131za iletilmi\u015f olan ba\u015fvurular\u0131n\u0131z KVKK\u2019n\u0131n 13. maddesinin 2.f\u0131kras\u0131 gere\u011fince, talebin niteli\u011fine g\u00f6re talebinizin bizlere ula\u015ft\u0131\u011f\u0131 tarihten itibaren otuz g\u00fcn i\u00e7inde yan\u0131tland\u0131r\u0131lacakt\u0131r. Yan\u0131tlar\u0131m\u0131z KVKK\u2019n\u0131n 13\u2019\u00fcnc\u00fc maddesi h\u00fckm\u00fc gere\u011fince yaz\u0131l\u0131 veya elektronik ortamdan taraf\u0131n\u0131za ula\u015ft\u0131r\u0131lacakt\u0131r.<\/strong><\/p>\n<p class=\"text-white\" align=\"center\"><strong>Ki\u015fisel Verilerin Korunmas\u0131na \u0130li\u015fkin Ba\u015fvuru Formunu doldurarak, formun imzal\u0131 bir n\u00fcshas\u0131n\u0131 Sultan Selim Mah.Yunus Emre Caddesi Top\u00e7u \u0130\u015fmerkezi No: 1 Kat: 4 D: 10 4. Levent \/ Ka\u011f\u0131thane \/ \u0130stanbul\u00a0adresine kimli\u011finizi tespit edici belgeler ile bizzat elden iletebilir, noter kanal\u0131yla veya KVK Kanunu\u2019nda belirtilen di\u011fer y\u00f6ntemler ile g\u00f6nderebilir veya ilgili formu\u00a0<a href=\"mailto:info@proasist.com.tr\">info@proasist.com.tr<\/a>\u00a0adresine g\u00fcvenli elektronik imzal\u0131 olarak iletebilirsiniz.\u00a0Ba\u015fvurunuz talebin niteli\u011fine g\u00f6re en k\u0131sa s\u00fcrede ve en ge\u00e7 30 g\u00fcn i\u00e7erisinde sonu\u00e7land\u0131r\u0131lacakt\u0131r.<\/strong><\/p>\n<table border=\"1\" width=\"622\">\n<tbody>\n<tr>\n<td width=\"200\" height=\"48\">\n<p class=\"text-white\" align=\"center\"><strong>Ba\u015fvuru Y\u00f6ntemi<\/strong><\/p>\n<\/td>\n<td width=\"200\">&nbsp;<\/p>\n<p class=\"text-white\" align=\"center\"><strong>Ba\u015fvurunun Yap\u0131laca\u011f\u0131 Adres<\/strong><\/p>\n<p>&nbsp;<\/td>\n<td width=\"200\">\n<p class=\"text-white\" align=\"center\"><strong>Ba\u015fvuru G\u00f6n. Belirtilecek Bilgi<\/strong><\/p>\n<\/td>\n<\/tr>\n<tr>\n<td height=\"85\">\n<p class=\"text-white\" align=\"center\"><strong>\u015eahsen Ba\u015fvuru (Ba\u015fvuru<\/strong><br \/>\n<strong>sahibinin bizzat gelerek kimli\u011fini<\/strong><br \/>\n<strong>tevsik edici belge ile ba\u015fvurmas\u0131)<\/strong><\/p>\n<\/td>\n<td>\n<p class=\"text-white\" align=\"center\"><strong>Sultan Selim Mah. Yunus Emre Caddesi Top\u00e7u \u0130\u015fmerkezi No: 1 Kat: 4 D: 10 4. Levent \/ Ka\u011f\u0131thane \/ \u0130stanbul<\/strong><\/p>\n<\/td>\n<td>\n<p class=\"text-white\" align=\"center\"><strong>Zarf\u0131n \u00fczerine \u201cKi\u015fisel Verilerin<\/strong><br \/>\n<strong>Korunmas\u0131 Kanunu Kapsam\u0131nda<\/strong><br \/>\n<strong>Bilgi Talebi\u201d yaz\u0131lmal\u0131d\u0131r.<\/strong><\/p>\n<\/td>\n<\/tr>\n<tr>\n<td height=\"85\">\n<p class=\"text-white\" align=\"center\"><strong>Noter vas\u0131tas\u0131yla tebligat<\/strong><\/p>\n<\/td>\n<td>\n<p class=\"text-white\" align=\"center\"><strong>Sultan Selim Mah. Yunus Emre Caddesi Top\u00e7u \u0130\u015fmerkezi No: 1 Kat: 4 D:1 0 4. Levent \/ Ka\u011f\u0131thane \/ \u0130stanbul<\/strong><\/p>\n<\/td>\n<td>\n<p class=\"text-white\" align=\"center\"><strong>Zarf\u0131n \u00fczerine \u201cKi\u015fisel Verilerin<\/strong><br \/>\n<strong>Korunmas\u0131 Kanunu Kapsam\u0131nda<\/strong><br \/>\n<strong>Bilgi Talebi\u201d yaz\u0131lmal\u0131d\u0131r.<\/strong><\/p>\n<\/td>\n<\/tr>\n<tr>\n<td height=\"85\">\n<p class=\"text-white\" align=\"center\"><strong>\u0130adeli Taahh\u00fctl\u00fc Posta vas\u0131tas\u0131yla<\/strong><br \/>\n<strong>tebligat<\/strong><\/p>\n<\/td>\n<td>\n<p class=\"text-white\" align=\"center\"><strong>Sultan Selim Mah. Yunus Emre Caddesi Top\u00e7u \u0130\u015fmerkezi No: 1 Kat: 4 D: 10 4. Levent \/ Ka\u011f\u0131thane \/ \u0130stanbul<\/strong><\/p>\n<\/td>\n<td>\n<p class=\"text-white\" align=\"center\"><strong>Zarf\u0131n \u00fczerine \u201cKi\u015fisel Verilerin<\/strong><br \/>\n<strong>Korunmas\u0131 Kanunu Kapsam\u0131nda<\/strong><br \/>\n<strong>Bilgi Talebi\u201d yaz\u0131lmal\u0131d\u0131r.<\/strong><\/p>\n<\/td>\n<\/tr>\n<\/tbody>\n<\/table>\n<p class=\"alt-font text-white\"><a href=\"https:\/\/proasist.com.tr\/data\/proasist2019\/form.pdf\" target=\"_blank\" rel=\"noopener\"><strong>Yaz\u0131labilir Ba\u015fvuru Formu &#8216;nu indirmek i\u00e7in t\u0131klay\u0131n\u0131z.\u00a0<\/strong><\/a><\/p>\n<\/div>\n<\/div><\/div><\/div><\/div><div class=\"wpb_column vc_column_container vc_col-sm-4  col-xs-mobile-fullwidth\"><div class=\"vc_column-inner \"><div class=\"wpb_wrapper\"><\/div><\/div><\/div><\/section>\n<\/section>","protected":false},"excerpt":{"rendered":"KVKK[vc_empty_space height=\"5px\"]Ki\u015fisel Verilerin Korunmas\u0131 KanunuPROAS\u0130ST TEKN\u0130K H\u0130ZMETLER A.\u015e. K\u0130\u015e\u0130SEL VER\u0130LER\u0130N \u0130\u015eLENMES\u0130 AYDINLATMA METN\u0130 ProAsist Teknik Hizmetler A.\u015e. olarak ki\u015fisel verilerinizin g\u00fcvenli\u011fi hususuna azami hassasiyet g\u00f6stermekteyiz. Bu bilin\u00e7le, \u015eirket olarak,her t\u00fcrl\u00fc ki\u015fisel verilerin 6698 say\u0131l\u0131 Ki\u015fisel Verilerin Korunmas\u0131 Kanunu (\u201cKVK Kanunu\u201d)\u2019na uygun olarak i\u015flenerek, muhafaza edilmesine b\u00fcy\u00fck \u00f6nem atfetmekteyiz. Bu sorumlulu\u011fumuzun tam idraki ile KVK Kanunu kapsam\u0131nda tan\u0131ml\u0131 \u201cVeri Sorumlusu\u201d s\u0131fat\u0131yla, ki\u015fisel verilerinizi a\u015fa\u011f\u0131da izah edildi\u011fi surette ve mevzuat taraf\u0131ndan emredilen s\u0131n\u0131rlar \u00e7er\u00e7evesinde i\u015flemekteyiz. &nbsp; a. Ki\u015fisel Verilerin Toplanmas\u0131, \u0130\u015flenmesi ve \u0130\u015fleme Ama\u00e7lar\u0131 Ki\u015fisel verileriniz, otomatik ya da otomatik olmayan y\u00f6ntemlerle, \u015eirket birimleri ofisler, internet sitesi, sosyal medya mecralar\u0131, mobil uygulamalar ve benzeri vas\u0131talarla s\u00f6zl\u00fc, yaz\u0131l\u0131 ya da elektronik olarak toplanabilecektir. Ki\u015fisel verileriniz, \u015eirket ile i\u015f s\u00f6zle\u015fmesi kurulmas\u0131 amac\u0131yla yap\u0131lan g\u00f6r\u00fc\u015fmeler, i\u015f s\u00f6zle\u015fmesinin kurulmas\u0131, i\u015f s\u00f6zle\u015fmesinin devam\u0131 ile i\u015f s\u00f6zle\u015fmesinin sona ermesinin ard\u0131ndan \u0130\u015f Kanunu\u2019nda \u00f6ng\u00f6r\u00fclm\u00fc\u015f olan zamana\u015f\u0131m\u0131 s\u00fcreleri ile di\u011fer mevzuatta \u00f6ng\u00f6r\u00fclen s\u00fcreler boyunca i\u015flenebilecek ve saklanabilecektir. Toplanan ki\u015fisel verileriniz, \u015eirket taraf\u0131ndan \u015eirkete yapm\u0131\u015f oldu\u011funuz i\u015f ba\u015fvurusunun ve i\u015f s\u00f6zle\u015fmesinin kurulup kurulmayaca\u011f\u0131 ile hangi \u015fartlarda i\u015f s\u00f6zle\u015fmesinin kurulaca\u011f\u0131n\u0131n de\u011ferlendirilmesi ile i\u015f s\u00f6zle\u015fmesi ili\u015fkisi i\u00e7erisinde taraflar\u0131n edimlerini yerine getirmeleri i\u00e7in uygun zeminin sa\u011flanmas\u0131, i\u015f ve i\u015f\u00e7i g\u00fcvenli\u011finin sa\u011flanmas\u0131, \u00f6denmesi gereken vergiler ile di\u011fer \u00f6demelerin yap\u0131labilmesi, i\u015fyeri g\u00fcvenli\u011finin, \u00e7al\u0131\u015fma d\u00fczeni ve disiplinin...","protected":false},"author":1,"featured_media":0,"parent":0,"menu_order":0,"comment_status":"closed","ping_status":"closed","template":"","meta":{"footnotes":""},"class_list":["post-22856","page","type-page","status-publish","hentry"],"aioseo_notices":[],"_links":{"self":[{"href":"https:\/\/proasist.com.tr\/index.php?rest_route=\/wp\/v2\/pages\/22856","targetHints":{"allow":["GET"]}}],"collection":[{"href":"https:\/\/proasist.com.tr\/index.php?rest_route=\/wp\/v2\/pages"}],"about":[{"href":"https:\/\/proasist.com.tr\/index.php?rest_route=\/wp\/v2\/types\/page"}],"author":[{"embeddable":true,"href":"https:\/\/proasist.com.tr\/index.php?rest_route=\/wp\/v2\/users\/1"}],"replies":[{"embeddable":true,"href":"https:\/\/proasist.com.tr\/index.php?rest_route=%2Fwp%2Fv2%2Fcomments&post=22856"}],"version-history":[{"count":14,"href":"https:\/\/proasist.com.tr\/index.php?rest_route=\/wp\/v2\/pages\/22856\/revisions"}],"predecessor-version":[{"id":23993,"href":"https:\/\/proasist.com.tr\/index.php?rest_route=\/wp\/v2\/pages\/22856\/revisions\/23993"}],"wp:attachment":[{"href":"https:\/\/proasist.com.tr\/index.php?rest_route=%2Fwp%2Fv2%2Fmedia&parent=22856"}],"curies":[{"name":"wp","href":"https:\/\/api.w.org\/{rel}","templated":true}]}}